{"id":435,"date":"2019-03-04T10:33:06","date_gmt":"2019-03-04T09:33:06","guid":{"rendered":"https:\/\/www.lauracandelapodologia.com\/contacto\/"},"modified":"2025-01-30T10:37:29","modified_gmt":"2025-01-30T09:37:29","slug":"contacte","status":"publish","type":"page","link":"https:\/\/www.lauracandelapodologia.com\/ca\/contacte\/","title":{"rendered":"Contacte"},"content":{"rendered":"\t\t<div data-elementor-type=\"wp-post\" data-elementor-id=\"435\" class=\"elementor elementor-435\" data-elementor-post-type=\"page\">\n\t\t\t\t\t\t<section class=\"elementor-section elementor-top-section elementor-element elementor-element-f4ac71d elementor-section-full_width elementor-section-height-min-height cabeceraPaginas elementor-section-height-default elementor-section-items-middle\" data-id=\"f4ac71d\" data-element_type=\"section\" data-settings=\"{&quot;background_background&quot;:&quot;classic&quot;}\">\n\t\t\t\t\t\t<div class=\"elementor-container elementor-column-gap-default\">\n\t\t\t\t\t<div class=\"elementor-column elementor-col-100 elementor-top-column elementor-element elementor-element-f0bbbba\" data-id=\"f0bbbba\" data-element_type=\"column\">\n\t\t\t<div class=\"elementor-widget-wrap elementor-element-populated\">\n\t\t\t\t\t\t<section class=\"elementor-section elementor-inner-section elementor-element elementor-element-f7dc0fe elementor-section-height-min-height elementor-section-content-bottom cajaTituloCabecera elementor-section-boxed elementor-section-height-default\" data-id=\"f7dc0fe\" data-element_type=\"section\">\n\t\t\t\t\t\t<div class=\"elementor-container elementor-column-gap-default\">\n\t\t\t\t\t<div class=\"elementor-column elementor-col-33 elementor-inner-column elementor-element elementor-element-26bc3e4 seccionesHome\" data-id=\"26bc3e4\" data-element_type=\"column\" data-settings=\"{&quot;background_background&quot;:&quot;classic&quot;}\">\n\t\t\t<div class=\"elementor-widget-wrap elementor-element-populated\">\n\t\t\t\t\t\t<div class=\"elementor-element elementor-element-1a5d979 elementor-widget elementor-widget-heading\" data-id=\"1a5d979\" data-element_type=\"widget\" data-widget_type=\"heading.default\">\n\t\t\t\t<div class=\"elementor-widget-container\">\n\t\t\t\t\t<h1 class=\"elementor-heading-title elementor-size-default\">Con<b>tacte<\/b><\/h1>\t\t\t\t<\/div>\n\t\t\t\t<\/div>\n\t\t\t\t\t<\/div>\n\t\t<\/div>\n\t\t\t\t<div class=\"elementor-column elementor-col-33 elementor-inner-column elementor-element elementor-element-677beab\" data-id=\"677beab\" data-element_type=\"column\">\n\t\t\t<div class=\"elementor-widget-wrap\">\n\t\t\t\t\t\t\t<\/div>\n\t\t<\/div>\n\t\t\t\t<div class=\"elementor-column elementor-col-33 elementor-inner-column elementor-element elementor-element-ba3a078\" data-id=\"ba3a078\" data-element_type=\"column\">\n\t\t\t<div class=\"elementor-widget-wrap\">\n\t\t\t\t\t\t\t<\/div>\n\t\t<\/div>\n\t\t\t\t\t<\/div>\n\t\t<\/section>\n\t\t\t\t<div class=\"elementor-element elementor-element-0ef0b7a elementor-align-right elementor-fixed elementor-hidden-mobile elementor-widget elementor-widget-global elementor-global-213 elementor-widget-button\" data-id=\"0ef0b7a\" data-element_type=\"widget\" id=\"botonTelefono\" data-settings=\"{&quot;_position&quot;:&quot;fixed&quot;}\" data-widget_type=\"button.default\">\n\t\t\t\t<div class=\"elementor-widget-container\">\n\t\t\t\t\t\t\t\t\t<div class=\"elementor-button-wrapper\">\n\t\t\t\t\t<a class=\"elementor-button elementor-button-link elementor-size-sm\" href=\"tel:696626138%20\" target=\"_blank\" rel=\"nofollow\">\n\t\t\t\t\t\t<span class=\"elementor-button-content-wrapper\">\n\t\t\t\t\t\t<span class=\"elementor-button-icon\">\n\t\t\t\t<i aria-hidden=\"true\" class=\"fas fa-phone-volume\"><\/i>\t\t\t<\/span>\n\t\t\t\t\t\t\t\t\t<span class=\"elementor-button-text\">696 62 61 38 <\/span>\n\t\t\t\t\t<\/span>\n\t\t\t\t\t<\/a>\n\t\t\t\t<\/div>\n\t\t\t\t\t\t\t\t<\/div>\n\t\t\t\t<\/div>\n\t\t\t\t\t<\/div>\n\t\t<\/div>\n\t\t\t\t\t<\/div>\n\t\t<\/section>\n\t\t\t\t<section class=\"elementor-section elementor-top-section elementor-element elementor-element-01b710d elementor-section-boxed elementor-section-height-default elementor-section-height-default\" data-id=\"01b710d\" data-element_type=\"section\">\n\t\t\t\t\t\t<div class=\"elementor-container elementor-column-gap-default\">\n\t\t\t\t\t<div class=\"elementor-column elementor-col-33 elementor-top-column elementor-element elementor-element-0744205\" data-id=\"0744205\" data-element_type=\"column\">\n\t\t\t<div class=\"elementor-widget-wrap elementor-element-populated\">\n\t\t\t\t\t\t<div class=\"elementor-element elementor-element-60a13c3 elementor-align-left contactoListaContact elementor-icon-list--layout-traditional elementor-list-item-link-full_width elementor-widget elementor-widget-icon-list\" data-id=\"60a13c3\" data-element_type=\"widget\" data-widget_type=\"icon-list.default\">\n\t\t\t\t<div class=\"elementor-widget-container\">\n\t\t\t\t\t\t\t<ul class=\"elementor-icon-list-items\">\n\t\t\t\t\t\t\t<li class=\"elementor-icon-list-item\">\n\t\t\t\t\t\t\t\t\t\t\t<span class=\"elementor-icon-list-icon\">\n\t\t\t\t\t\t\t<i aria-hidden=\"true\" class=\"fas fa-map-marker-alt\"><\/i>\t\t\t\t\t\t<\/span>\n\t\t\t\t\t\t\t\t\t\t<span class=\"elementor-icon-list-text\">Calle Sabadell 4 (bajo derecha) Alcoy (Alicante) SPAIN<\/span>\n\t\t\t\t\t\t\t\t\t<\/li>\n\t\t\t\t\t\t\t\t<li class=\"elementor-icon-list-item\">\n\t\t\t\t\t\t\t\t\t\t\t<a href=\"tel:696626138%20\">\n\n\t\t\t\t\t\t\t\t\t\t\t\t<span class=\"elementor-icon-list-icon\">\n\t\t\t\t\t\t\t<i aria-hidden=\"true\" class=\"fas fa-phone-volume\"><\/i>\t\t\t\t\t\t<\/span>\n\t\t\t\t\t\t\t\t\t\t<span class=\"elementor-icon-list-text\">69 662 61 38 <\/span>\n\t\t\t\t\t\t\t\t\t\t\t<\/a>\n\t\t\t\t\t\t\t\t\t<\/li>\n\t\t\t\t\t\t\t\t<li class=\"elementor-icon-list-item\">\n\t\t\t\t\t\t\t\t\t\t\t<span class=\"elementor-icon-list-icon\">\n\t\t\t\t\t\t\t<i aria-hidden=\"true\" class=\"far fa-envelope\"><\/i>\t\t\t\t\t\t<\/span>\n\t\t\t\t\t\t\t\t\t\t<span class=\"elementor-icon-list-text\">info@\ufefflauracandelapodologia.com<\/span>\n\t\t\t\t\t\t\t\t\t<\/li>\n\t\t\t\t\t\t\t\t<li class=\"elementor-icon-list-item\">\n\t\t\t\t\t\t\t\t\t\t\t<span class=\"elementor-icon-list-icon\">\n\t\t\t\t\t\t\t<i aria-hidden=\"true\" class=\"far fa-clock\"><\/i>\t\t\t\t\t\t<\/span>\n\t\t\t\t\t\t\t\t\t\t<span class=\"elementor-icon-list-text\">El nostre horari:<br>L, M i J: 9.00 - 13.00 i 16.00 - 19.30 <br>X: 16.00 - 19.30 <br>V: 9.00 - 14.30<\/span>\n\t\t\t\t\t\t\t\t\t<\/li>\n\t\t\t\t\t\t<\/ul>\n\t\t\t\t\t\t<\/div>\n\t\t\t\t<\/div>\n\t\t\t\t\t<\/div>\n\t\t<\/div>\n\t\t\t\t<div class=\"elementor-column elementor-col-66 elementor-top-column elementor-element elementor-element-6eb79bb\" data-id=\"6eb79bb\" data-element_type=\"column\">\n\t\t\t<div class=\"elementor-widget-wrap elementor-element-populated\">\n\t\t\t\t\t\t<div class=\"elementor-element elementor-element-a2a0519 elementor-align-center elementor-fixed elementor-hidden-desktop elementor-hidden-tablet elementor-widget elementor-widget-global elementor-global-653 elementor-widget-button\" data-id=\"a2a0519\" data-element_type=\"widget\" id=\"botonTelefonoMovil\" data-settings=\"{&quot;_position&quot;:&quot;fixed&quot;}\" data-widget_type=\"button.default\">\n\t\t\t\t<div class=\"elementor-widget-container\">\n\t\t\t\t\t\t\t\t\t<div class=\"elementor-button-wrapper\">\n\t\t\t\t\t<a class=\"elementor-button elementor-button-link elementor-size-md\" href=\"tel:966335086\" target=\"_blank\" rel=\"nofollow\">\n\t\t\t\t\t\t<span class=\"elementor-button-content-wrapper\">\n\t\t\t\t\t\t<span class=\"elementor-button-icon\">\n\t\t\t\t<i aria-hidden=\"true\" class=\"fas fa-phone-volume\"><\/i>\t\t\t<\/span>\n\t\t\t\t\t\t\t\t\t<span class=\"elementor-button-text\">Llamar<\/span>\n\t\t\t\t\t<\/span>\n\t\t\t\t\t<\/a>\n\t\t\t\t<\/div>\n\t\t\t\t\t\t\t\t<\/div>\n\t\t\t\t<\/div>\n\t\t\t\t<div class=\"elementor-element elementor-element-8b1f721 elementor-widget elementor-widget-heading\" data-id=\"8b1f721\" data-element_type=\"widget\" data-widget_type=\"heading.default\">\n\t\t\t\t<div class=\"elementor-widget-container\">\n\t\t\t\t\t<h2 class=\"elementor-heading-title elementor-size-default\">Deixa'm un comentari i t'atendr\u00e9 al m\u00e9s prompte possible.<\/h2>\t\t\t\t<\/div>\n\t\t\t\t<\/div>\n\t\t\t\t<div class=\"elementor-element elementor-element-83289c8 elementor-widget elementor-widget-wp-widget-text\" data-id=\"83289c8\" data-element_type=\"widget\" data-widget_type=\"wp-widget-text.default\">\n\t\t\t\t<div class=\"elementor-widget-container\">\n\t\t\t\t\t\t\t\t<div class=\"textwidget\">\n<div class=\"wpcf7 no-js\" id=\"wpcf7-f439-o1\" lang=\"es-ES\" dir=\"ltr\" data-wpcf7-id=\"439\">\n<div class=\"screen-reader-response\"><p role=\"status\" aria-live=\"polite\" aria-atomic=\"true\"><\/p> <ul><\/ul><\/div>\n<form action=\"\/ca\/wp-json\/wp\/v2\/pages\/435\/#wpcf7-f439-o1\" method=\"post\" class=\"wpcf7-form init\" aria-label=\"Formulari de contacte\" novalidate=\"novalidate\" data-status=\"init\">\n<div style=\"display: none;\">\n<input type=\"hidden\" name=\"_wpcf7\" value=\"439\" \/>\n<input type=\"hidden\" name=\"_wpcf7_version\" value=\"6.0.2\" \/>\n<input type=\"hidden\" name=\"_wpcf7_locale\" value=\"es_ES\" \/>\n<input type=\"hidden\" name=\"_wpcf7_unit_tag\" value=\"wpcf7-f439-o1\" \/>\n<input type=\"hidden\" name=\"_wpcf7_container_post\" value=\"0\" \/>\n<input type=\"hidden\" name=\"_wpcf7_posted_data_hash\" value=\"\" \/>\n<input type=\"hidden\" name=\"_wpcf7_recaptcha_response\" value=\"\" \/>\n<\/div>\n<div id=\"formContacto\">\n\t<p><label class=\"labelTresColumnas\"><span class=\"wpcf7-form-control-wrap\" data-name=\"nombre\"><input size=\"40\" maxlength=\"400\" class=\"wpcf7-form-control wpcf7-text wpcf7-validates-as-required\" aria-required=\"true\" aria-invalid=\"false\" placeholder=\"Nom*\" value=\"\" type=\"text\" name=\"nombre\" \/><\/span><\/label>\n\t<\/p>\n\t<p><label class=\"labelTresColumnas\"><span class=\"wpcf7-form-control-wrap\" data-name=\"email\"><input size=\"40\" maxlength=\"400\" class=\"wpcf7-form-control wpcf7-email wpcf7-validates-as-required wpcf7-text wpcf7-validates-as-email\" aria-required=\"true\" aria-invalid=\"false\" placeholder=\"Email*\" value=\"\" type=\"email\" name=\"email\" \/><\/span><\/label>\n\t<\/p>\n\t<p><label class=\"labelTresColumnas\"><span class=\"wpcf7-form-control-wrap\" data-name=\"telefono\"><input size=\"40\" maxlength=\"400\" class=\"wpcf7-form-control wpcf7-tel wpcf7-text wpcf7-validates-as-tel\" aria-invalid=\"false\" placeholder=\"Tel\u00e8fon (opcional)\" value=\"\" type=\"tel\" name=\"telefono\" \/><\/span><\/label>\n\t<\/p>\n\t<p><label><span class=\"wpcf7-form-control-wrap\" data-name=\"textarea\"><textarea cols=\"40\" rows=\"10\" maxlength=\"2000\" class=\"wpcf7-form-control wpcf7-textarea wpcf7-validates-as-required\" aria-required=\"true\" aria-invalid=\"false\" placeholder=\"Missatge*\" name=\"textarea\"><\/textarea><\/span><\/label>\n\t<\/p>\n\t<p><span class=\"wpcf7-form-control-wrap\" data-name=\"acceptance\"><span class=\"wpcf7-form-control wpcf7-acceptance\"><span class=\"wpcf7-list-item\"><label><input type=\"checkbox\" name=\"acceptance\" value=\"1\" aria-invalid=\"false\" \/><span class=\"wpcf7-list-item-label\">He llegit i accepte la <a href=\"\/ca\/politica-de-privacitat\/\" target=\"_blanck\">Pol\u00edtica de privacitat.<\/a><\/span><\/label><\/span><\/span><\/span>\n\t<\/p>\n\t<p><br \/>\nLes dades de car\u00e0cter personal que consten a la consulta seran tractades per LAURA CANDELA DOMINGUEZ e incorporades a l'activitat de tractament CONTACTES, la finalitat de les quals \u00e9s atendre les teves sol\u00b7licituds, peticions o consultes rebudes des de la web, mitjan\u00e7ant correu electr\u00f2nic o telef\u00f2nic. Donar resposta a la teva sol\u00b7licitud i fer-ne un seguiment posterior. La legitimaci\u00f3 del tractament \u00e9s el teu consentiment. Les teves dades no seran cedides a tercers. Teniu dret a accedir, rectificar i suprimir les vostres dades, aix\u00ed com altres drets com s'explica a la nostra pol\u00edtica de privacitat: <a href=\"https:\/\/www.adelopd.com\/privacidad\/laura-candela-podologia\" target=\"_blank\" rel= \"noindex nofollow\">https:\/\/www.adelopd.com\/privacidad\/laura-candela-podologia<\/a>\n\t<\/p>\n\t<p><input class=\"wpcf7-form-control wpcf7-submit has-spinner\" type=\"submit\" value=\"Enviar\" \/>\n\t<\/p>\n<\/div><div class=\"wpcf7-response-output\" aria-hidden=\"true\"><\/div>\n<\/form>\n<\/div>\n\n<\/div>\n\t\t\t\t\t\t<\/div>\n\t\t\t\t<\/div>\n\t\t\t\t\t<\/div>\n\t\t<\/div>\n\t\t\t\t\t<\/div>\n\t\t<\/section>\n\t\t\t\t<section class=\"elementor-section elementor-top-section elementor-element elementor-element-f97db78 elementor-section-boxed elementor-section-height-default elementor-section-height-default\" data-id=\"f97db78\" data-element_type=\"section\">\n\t\t\t\t\t\t<div class=\"elementor-container elementor-column-gap-no\">\n\t\t\t\t\t<div class=\"elementor-column elementor-col-100 elementor-top-column elementor-element elementor-element-fca920f\" data-id=\"fca920f\" data-element_type=\"column\">\n\t\t\t<div class=\"elementor-widget-wrap elementor-element-populated\">\n\t\t\t\t\t\t<div class=\"elementor-element elementor-element-38977ab elementor-widget elementor-widget-heading\" data-id=\"38977ab\" data-element_type=\"widget\" data-widget_type=\"heading.default\">\n\t\t\t\t<div class=\"elementor-widget-container\">\n\t\t\t\t\t<h2 class=\"elementor-heading-title elementor-size-default\">La nostra localitzaci\u00f3:<\/h2>\t\t\t\t<\/div>\n\t\t\t\t<\/div>\n\t\t\t\t\t<\/div>\n\t\t<\/div>\n\t\t\t\t\t<\/div>\n\t\t<\/section>\n\t\t\t\t<section class=\"elementor-section elementor-top-section elementor-element elementor-element-9a50183 elementor-section-full_width elementor-section-height-default elementor-section-height-default\" data-id=\"9a50183\" data-element_type=\"section\">\n\t\t\t\t\t\t<div class=\"elementor-container elementor-column-gap-no\">\n\t\t\t\t\t<div class=\"elementor-column elementor-col-100 elementor-top-column elementor-element elementor-element-b93c436\" data-id=\"b93c436\" data-element_type=\"column\">\n\t\t\t<div class=\"elementor-widget-wrap elementor-element-populated\">\n\t\t\t\t\t\t<div class=\"elementor-element elementor-element-db3b53f elementor-widget elementor-widget-google_maps\" data-id=\"db3b53f\" data-element_type=\"widget\" data-widget_type=\"google_maps.default\">\n\t\t\t\t<div class=\"elementor-widget-container\">\n\t\t\t\t\t\t\t<div class=\"elementor-custom-embed\">\n\t\t\t<iframe loading=\"lazy\"\n\t\t\t\t\tsrc=\"https:\/\/maps.google.com\/maps?q=Carrer%20Sabadell%2C%204&#038;t=m&#038;z=13&#038;output=embed&#038;iwloc=near\"\n\t\t\t\t\ttitle=\"Carrer Sabadell, 4\"\n\t\t\t\t\taria-label=\"Carrer Sabadell, 4\"\n\t\t\t><\/iframe>\n\t\t<\/div>\n\t\t\t\t\t\t<\/div>\n\t\t\t\t<\/div>\n\t\t\t\t\t<\/div>\n\t\t<\/div>\n\t\t\t\t\t<\/div>\n\t\t<\/section>\n\t\t\t\t<\/div>\n\t\t","protected":false},"excerpt":{"rendered":"<p>Contacte 696 62 61 38 Calle Sabadell 4 (bajo derecha) Alcoy (Alicante) SPAIN 69 662 61 38 info@\ufefflauracandelapodologia.com El nostre horari:L, M i J: 9.00 &#8211; 13.00 i 16.00 &#8211; 19.30 X: 16.00 &#8211; 19.30 V: 9.00 &#8211; 14.30 Llamar Deixa&#8217;m un comentari i t&#8217;atendr\u00e9 al m\u00e9s prompte possible. La nostra localitzaci\u00f3:<\/p>\n","protected":false},"author":1,"featured_media":0,"parent":0,"menu_order":0,"comment_status":"closed","ping_status":"closed","template":"elementor_header_footer","meta":{"footnotes":""},"class_list":["post-435","page","type-page","status-publish","hentry"],"yoast_head":"<!-- This site is optimized with the Yoast SEO plugin v24.1 - https:\/\/yoast.com\/wordpress\/plugins\/seo\/ -->\n<title>Contacta amb nosaltres | Podologia en Alcoi | Laura Candela<\/title>\n<meta name=\"description\" content=\"Si necessites resoldre els teus problemes sobre podologia a Alcoi, Laura Candela, pod\u00f2loga especialitzada en podologia pedi\u00e0trica, t&#039;atendr\u00e0 encantada.\" \/>\n<meta name=\"robots\" content=\"index, follow, max-snippet:-1, max-image-preview:large, max-video-preview:-1\" \/>\n<link rel=\"canonical\" href=\"https:\/\/www.lauracandelapodologia.com\/ca\/contacte\/\" \/>\n<meta property=\"og:locale\" content=\"ca_ES\" \/>\n<meta property=\"og:type\" content=\"article\" \/>\n<meta property=\"og:title\" content=\"Contacta amb nosaltres | Podologia en Alcoi | Laura Candela\" \/>\n<meta property=\"og:description\" content=\"Si necessites resoldre els teus problemes sobre podologia a Alcoi, Laura Candela, pod\u00f2loga especialitzada en podologia pedi\u00e0trica, t&#039;atendr\u00e0 encantada.\" \/>\n<meta property=\"og:url\" content=\"https:\/\/www.lauracandelapodologia.com\/ca\/contacte\/\" \/>\n<meta property=\"og:site_name\" content=\"Laura Candela\" \/>\n<meta property=\"article:modified_time\" content=\"2025-01-30T09:37:29+00:00\" \/>\n<meta name=\"twitter:card\" content=\"summary_large_image\" \/>\n<meta name=\"twitter:label1\" content=\"Temps estimat de lectura\" \/>\n\t<meta name=\"twitter:data1\" content=\"1 minut\" \/>\n<script type=\"application\/ld+json\" class=\"yoast-schema-graph\">{\"@context\":\"https:\/\/schema.org\",\"@graph\":[{\"@type\":\"WebPage\",\"@id\":\"https:\/\/www.lauracandelapodologia.com\/ca\/contacte\/\",\"url\":\"https:\/\/www.lauracandelapodologia.com\/ca\/contacte\/\",\"name\":\"Contacta amb nosaltres | Podologia en Alcoi | Laura Candela\",\"isPartOf\":{\"@id\":\"https:\/\/www.lauracandelapodologia.com\/#website\"},\"datePublished\":\"2019-03-04T09:33:06+00:00\",\"dateModified\":\"2025-01-30T09:37:29+00:00\",\"description\":\"Si necessites resoldre els teus problemes sobre podologia a Alcoi, Laura Candela, pod\u00f2loga especialitzada en podologia pedi\u00e0trica, t'atendr\u00e0 encantada.\",\"breadcrumb\":{\"@id\":\"https:\/\/www.lauracandelapodologia.com\/ca\/contacte\/#breadcrumb\"},\"inLanguage\":\"ca\",\"potentialAction\":[{\"@type\":\"ReadAction\",\"target\":[\"https:\/\/www.lauracandelapodologia.com\/ca\/contacte\/\"]}]},{\"@type\":\"BreadcrumbList\",\"@id\":\"https:\/\/www.lauracandelapodologia.com\/ca\/contacte\/#breadcrumb\",\"itemListElement\":[{\"@type\":\"ListItem\",\"position\":1,\"name\":\"Home\",\"item\":\"https:\/\/www.lauracandelapodologia.com\/ca\/\"},{\"@type\":\"ListItem\",\"position\":2,\"name\":\"Contacte\"}]},{\"@type\":\"WebSite\",\"@id\":\"https:\/\/www.lauracandelapodologia.com\/#website\",\"url\":\"https:\/\/www.lauracandelapodologia.com\/\",\"name\":\"Laura Candela\",\"description\":\"Podolog\u00eda general i pedi\u00e1trica\",\"potentialAction\":[{\"@type\":\"SearchAction\",\"target\":{\"@type\":\"EntryPoint\",\"urlTemplate\":\"https:\/\/www.lauracandelapodologia.com\/?s={search_term_string}\"},\"query-input\":{\"@type\":\"PropertyValueSpecification\",\"valueRequired\":true,\"valueName\":\"search_term_string\"}}],\"inLanguage\":\"ca\"}]}<\/script>\n<!-- \/ Yoast SEO plugin. -->","yoast_head_json":{"title":"Contacta amb nosaltres | Podologia en Alcoi | Laura Candela","description":"Si necessites resoldre els teus problemes sobre podologia a Alcoi, Laura Candela, pod\u00f2loga especialitzada en podologia pedi\u00e0trica, t'atendr\u00e0 encantada.","robots":{"index":"index","follow":"follow","max-snippet":"max-snippet:-1","max-image-preview":"max-image-preview:large","max-video-preview":"max-video-preview:-1"},"canonical":"https:\/\/www.lauracandelapodologia.com\/ca\/contacte\/","og_locale":"ca_ES","og_type":"article","og_title":"Contacta amb nosaltres | Podologia en Alcoi | Laura Candela","og_description":"Si necessites resoldre els teus problemes sobre podologia a Alcoi, Laura Candela, pod\u00f2loga especialitzada en podologia pedi\u00e0trica, t'atendr\u00e0 encantada.","og_url":"https:\/\/www.lauracandelapodologia.com\/ca\/contacte\/","og_site_name":"Laura Candela","article_modified_time":"2025-01-30T09:37:29+00:00","twitter_card":"summary_large_image","twitter_misc":{"Temps estimat de lectura":"1 minut"},"schema":{"@context":"https:\/\/schema.org","@graph":[{"@type":"WebPage","@id":"https:\/\/www.lauracandelapodologia.com\/ca\/contacte\/","url":"https:\/\/www.lauracandelapodologia.com\/ca\/contacte\/","name":"Contacta amb nosaltres | Podologia en Alcoi | Laura Candela","isPartOf":{"@id":"https:\/\/www.lauracandelapodologia.com\/#website"},"datePublished":"2019-03-04T09:33:06+00:00","dateModified":"2025-01-30T09:37:29+00:00","description":"Si necessites resoldre els teus problemes sobre podologia a Alcoi, Laura Candela, pod\u00f2loga especialitzada en podologia pedi\u00e0trica, t'atendr\u00e0 encantada.","breadcrumb":{"@id":"https:\/\/www.lauracandelapodologia.com\/ca\/contacte\/#breadcrumb"},"inLanguage":"ca","potentialAction":[{"@type":"ReadAction","target":["https:\/\/www.lauracandelapodologia.com\/ca\/contacte\/"]}]},{"@type":"BreadcrumbList","@id":"https:\/\/www.lauracandelapodologia.com\/ca\/contacte\/#breadcrumb","itemListElement":[{"@type":"ListItem","position":1,"name":"Home","item":"https:\/\/www.lauracandelapodologia.com\/ca\/"},{"@type":"ListItem","position":2,"name":"Contacte"}]},{"@type":"WebSite","@id":"https:\/\/www.lauracandelapodologia.com\/#website","url":"https:\/\/www.lauracandelapodologia.com\/","name":"Laura Candela","description":"Podolog\u00eda general i pedi\u00e1trica","potentialAction":[{"@type":"SearchAction","target":{"@type":"EntryPoint","urlTemplate":"https:\/\/www.lauracandelapodologia.com\/?s={search_term_string}"},"query-input":{"@type":"PropertyValueSpecification","valueRequired":true,"valueName":"search_term_string"}}],"inLanguage":"ca"}]}},"_links":{"self":[{"href":"https:\/\/www.lauracandelapodologia.com\/ca\/wp-json\/wp\/v2\/pages\/435\/"}],"collection":[{"href":"https:\/\/www.lauracandelapodologia.com\/ca\/wp-json\/wp\/v2\/pages\/"}],"about":[{"href":"https:\/\/www.lauracandelapodologia.com\/ca\/wp-json\/wp\/v2\/types\/page\/"}],"author":[{"embeddable":true,"href":"https:\/\/www.lauracandelapodologia.com\/ca\/wp-json\/wp\/v2\/users\/1\/"}],"replies":[{"embeddable":true,"href":"https:\/\/www.lauracandelapodologia.com\/ca\/wp-json\/wp\/v2\/comments\/?post=435"}],"version-history":[{"count":31,"href":"https:\/\/www.lauracandelapodologia.com\/ca\/wp-json\/wp\/v2\/pages\/435\/revisions\/"}],"predecessor-version":[{"id":1582,"href":"https:\/\/www.lauracandelapodologia.com\/ca\/wp-json\/wp\/v2\/pages\/435\/revisions\/1582\/"}],"wp:attachment":[{"href":"https:\/\/www.lauracandelapodologia.com\/ca\/wp-json\/wp\/v2\/media\/?parent=435"}],"curies":[{"name":"wp","href":"https:\/\/api.w.org\/{rel}","templated":true}]}}